{"id":13,"date":"2026-01-07T13:11:16","date_gmt":"2026-01-07T12:11:16","guid":{"rendered":"https:\/\/free-baud.org\/?page_id=13"},"modified":"2026-04-24T10:22:38","modified_gmt":"2026-04-24T08:22:38","slug":"free-jaques-baud","status":"publish","type":"page","link":"https:\/\/free-baud.org\/en\/","title":{"rendered":"Free Jacques Baud"},"content":{"rendered":"<div data-elementor-type=\"wp-page\" data-elementor-id=\"13\" class=\"elementor elementor-13\">\n\t\t\t\t<div class=\"elementor-element elementor-element-54e5c81 e-flex e-con-boxed e-con e-parent\" data-id=\"54e5c81\" data-element_type=\"container\" data-e-type=\"container\">\n\t\t\t\t\t<div class=\"e-con-inner\">\n\t\t\t\t<div class=\"elementor-element elementor-element-19e8f8b elementor-widget elementor-widget-heading\" data-id=\"19e8f8b\" data-element_type=\"widget\" data-e-type=\"widget\" data-widget_type=\"heading.default\">\n\t\t\t\t\t<h2 class=\"elementor-heading-title elementor-size-default\">Enough is enough! Thus far and no further!<\/h2>\t\t\t\t<\/div>\n\t\t\t\t\t<\/div>\n\t\t\t\t<\/div>\n\t\t<div class=\"elementor-element elementor-element-5a91fa4 e-flex e-con-boxed e-con e-parent\" data-id=\"5a91fa4\" data-element_type=\"container\" data-e-type=\"container\">\n\t\t\t\t\t<div class=\"e-con-inner\">\n\t\t\t\t<div class=\"elementor-element elementor-element-84c0d2a elementor-widget elementor-widget-heading\" data-id=\"84c0d2a\" data-element_type=\"widget\" data-e-type=\"widget\" data-widget_type=\"heading.default\">\n\t\t\t\t\t<h2 class=\"elementor-heading-title elementor-size-default\">We protest against the unlawful sanctions imposed on Colonel Jacques Baud and against the EU\u2019s course toward war!\n<\/h2>\t\t\t\t<\/div>\n\t\t\t\t<div class=\"elementor-element elementor-element-46c1648 elementor-widget elementor-widget-text-editor\" data-id=\"46c1648\" data-element_type=\"widget\" data-e-type=\"widget\" data-widget_type=\"text-editor.default\">\n\t\t\t\t\t\t\t\t\t<p>With its most recent sanctions package, the EU has placed the military historian and former colonel of the Swiss Army and the Swiss Strategic Intelligence Service, as well as member of the Swiss General Staff, Jacques Baud, under sanctions. Jacques Baud is a Swiss citizen and lives in Brussels. He is no longer allowed to leave Belgium, his assets have been seized, his accounts have been frozen, and his books may no longer be sold.<\/p><p>Jacques Baud has worked, among other things, for NATO and the United Nations. He is an impeccable scholar and an honorable man. His books meet the highest standards of professional historical analysis. He works strictly neutrally according to the principle: Both sides must be heard.<\/p><p>It is not a crime to name the true reasons for the Ukraine war.\nIt is not a crime to draw readers\u2019 attention to untruths and to the EU\u2019s and NATO\u2019s own propaganda.\nIt is not a crime to point out the thoughtless cooperation of the West with Ukrainian forces that show a dangerous proximity to fascists.<\/p><p>The Council of the European Union is destroying the foundations of freedom of opinion through arbitrary punitive measures against Jacques Baud and in total against 59 journalists and scholars.<\/p><p>These sanctions are illegal and contrary to international law, because they were not imposed by the UN Security Council. The legal opinion by former judge at the European Court of Justice Prof. Dr. Ninon Colneric and the legal scholar Prof. Dr. Alina Miron of the University of Angers shows that the underlying legal acts also violate EU law. The EU is using the sanctions list as an instrument to silence critics and is maneuvering itself ever deeper into an abyss of lawlessness.<\/p><p>We call on the European Parliament, the Parliamentary Assembly of the Council of Europe, the German Bundestag, the German state and local parliaments, the entire German people, and the people in all countries of the European Union to now oppose with all their might those who are destroying democracy and those who are driving the war.<\/p><p>The preamble of the Basic Law obliges Germany to serve peace. Article 5 of the Basic Law states: \u201cThere shall be no censorship.\u201d The actions of the EU Commission and the EU Council contradict our Basic Law. We call on the Federal Government, in accordance with its oath of office, to point out this unlawful proceeding.<\/p><p>We demand the immediate lifting of the illegal sanctions against Jacques Baud as well as against all journalists, scholars, and EU citizens.<\/p><p>We demand that the Federal Government and the EU contribute constructively to peace in Ukraine and cease all attempts that are contrary to the constitution to prolong the war!<\/p>\t\t\t\t\t\t\t\t<\/div>\n\t\t\t\t\t<\/div>\n\t\t\t\t<\/div>\n\t\t<div class=\"elementor-element elementor-element-554f7f8 e-flex e-con-boxed e-con e-parent\" data-id=\"554f7f8\" data-element_type=\"container\" data-e-type=\"container\" data-settings=\"{&quot;background_background&quot;:&quot;classic&quot;}\">\n\t\t\t\t\t<div class=\"e-con-inner\">\n\t\t\t\t<div class=\"elementor-element elementor-element-031cf35 elementor-widget elementor-widget-video\" data-id=\"031cf35\" data-element_type=\"widget\" data-e-type=\"widget\" data-settings=\"{&quot;youtube_url&quot;:&quot;https:\\\/\\\/youtu.be\\\/B5RrN_taVZk?si=YMHaimDWkD7exkQF&quot;,&quot;video_type&quot;:&quot;youtube&quot;,&quot;controls&quot;:&quot;yes&quot;}\" data-widget_type=\"video.default\">\n\t\t\t\t\t\t\t<div class=\"elementor-wrapper elementor-open-inline\">\n\t\t\t<div class=\"elementor-video\"><\/div>\t\t<\/div>\n\t\t\t\t\t\t<\/div>\n\t\t\t\t\t<\/div>\n\t\t\t\t<\/div>\n\t\t<div class=\"elementor-element elementor-element-5677e79 e-flex e-con-boxed e-con e-parent\" data-id=\"5677e79\" data-element_type=\"container\" data-e-type=\"container\" data-settings=\"{&quot;background_background&quot;:&quot;classic&quot;}\">\n\t\t\t\t\t<div class=\"e-con-inner\">\n\t\t\t\t<div class=\"elementor-element elementor-element-34963a5 elementor-widget elementor-widget-heading\" data-id=\"34963a5\" data-element_type=\"widget\" data-e-type=\"widget\" data-widget_type=\"heading.default\">\n\t\t\t\t\t<h2 class=\"elementor-heading-title elementor-size-default\">\u00dcber 22.600 Stimmen bisher und es werden immer mehr ! Danke f\u00fcr euren Einsatz!<\/h2>\t\t\t\t<\/div>\n\t\t\t\t\t<\/div>\n\t\t\t\t<\/div>\n\t\t<div class=\"elementor-element elementor-element-a077308 e-flex e-con-boxed e-con e-parent\" data-id=\"a077308\" data-element_type=\"container\" data-e-type=\"container\" data-settings=\"{&quot;background_background&quot;:&quot;classic&quot;}\">\n\t\t\t\t\t<div class=\"e-con-inner\">\n\t\t\t\t<div class=\"elementor-element elementor-element-ccadf08 elementor-align-center elementor-widget elementor-widget-button\" data-id=\"ccadf08\" data-element_type=\"widget\" data-e-type=\"widget\" data-widget_type=\"button.default\">\n\t\t\t\t\t\t\t\t\t\t<a class=\"elementor-button elementor-button-link elementor-size-sm\" href=\"#unterzeichnen\">\n\t\t\t\t\t\t<span class=\"elementor-button-content-wrapper\">\n\t\t\t\t\t\t\t\t\t<span class=\"elementor-button-text\">You can sign here too<\/span>\n\t\t\t\t\t<\/span>\n\t\t\t\t\t<\/a>\n\t\t\t\t\t\t\t\t<\/div>\n\t\t\t\t\t<\/div>\n\t\t\t\t<\/div>\n\t\t<div class=\"elementor-element elementor-element-080f339 e-flex e-con-boxed e-con e-parent\" data-id=\"080f339\" data-element_type=\"container\" data-e-type=\"container\" data-settings=\"{&quot;background_background&quot;:&quot;classic&quot;}\">\n\t\t\t\t\t<div class=\"e-con-inner\">\n\t\t\t\t<div class=\"elementor-element elementor-element-ceba062 elementor-widget elementor-widget-heading\" data-id=\"ceba062\" data-element_type=\"widget\" data-e-type=\"widget\" data-widget_type=\"heading.default\">\n\t\t\t\t\t<h2 class=\"elementor-heading-title elementor-size-default\">first signatory <\/h2>\t\t\t\t<\/div>\n\t\t\t\t\t<\/div>\n\t\t\t\t<\/div>\n\t\t<div class=\"elementor-element elementor-element-c09e323 e-flex e-con-boxed e-con e-parent\" data-id=\"c09e323\" data-element_type=\"container\" data-e-type=\"container\" data-settings=\"{&quot;background_background&quot;:&quot;classic&quot;}\">\n\t\t\t\t\t<div class=\"e-con-inner\">\n\t\t<div class=\"elementor-element elementor-element-ec2db8d e-flex e-con-boxed e-con e-child\" data-id=\"ec2db8d\" data-element_type=\"container\" data-e-type=\"container\" data-settings=\"{&quot;background_background&quot;:&quot;classic&quot;}\">\n\t\t\t\t\t<div class=\"e-con-inner\">\n\t\t\t\t<div class=\"elementor-element elementor-element-0d0227d elementor-widget elementor-widget-text-editor\" data-id=\"0d0227d\" data-element_type=\"widget\" data-e-type=\"widget\" data-widget_type=\"text-editor.default\">\n\t\t\t\t\t\t\t\t\t<p><strong>Prof. Dr. Nima Rostami Alkhorshid, Civil Engineer, Universidade de Brasilia<\/strong>, Bauingenieur, Universidade de Brasilia<\/p><p class=\"translation-block\">Dr. Michael Andrick, Philosopher and Writer<\/p><p><strong>Patrik Baab<\/strong>, Publizist und Politikwissenschaftler<\/p><p><strong>Volker Braun<\/strong>, Schriftsteller<\/p><p><strong>Max Blumenthal<\/strong>, Journalist u. Dokumentarfilmer, USA<\/p><p><strong>Oberstleutnant i. G. a. D. Lic.Phil. Ralph Bosshard<\/strong>, Milit\u00e4rhistoriker\u00a0<\/p><p><strong>Prof. em. Dr. Joseph O. Boyd-Barrett<\/strong>, Professor emeritus an der California State University, Channel Islands, USA<\/p><p><strong>Prof. Dr. Peter Brandt<\/strong>, Historiker und Publizist<\/p><p><strong>Michael Brie<\/strong>, Philosoph, Mitglied des Vorstandes der Rosa-Luxemburg-Stiftung<\/p><p><strong>James W. Carden<\/strong>, Journalist und Autor, ehemaliger Berater des Sonderbeauftragten f\u00fcr zwischenstaatliche Angelegenheiten im US-Au\u00dfenministerium, USA\u00a0<\/p><p><strong>Prof. Dr. Michael Jabara Carley<\/strong>, Histroisches Institut der Universit\u00e4t Montreal, Kanada<\/p><p><strong>Sevim Dagdelen<\/strong>, Publizistin, Bundesvorstand BSW<\/p><p><strong>Daniela Dahn<\/strong>, Schriftstellerin<\/p><p><strong>Oberstleutnant a.D. Daniel Davis<\/strong>, Tr\u00e4ger des Bronze Star f\u00fcr Tapferkeit im Irak und f\u00fcr Verdienste in Afghanistan, USA\u00a0<\/p><p><strong>Dieter Dehm<\/strong>, Schriftsteller und Liedermacher<\/p><p><strong>Prof. Dr. Glenn Diesen<\/strong>, Politikwissenschaftler an der Universit\u00e4t S\u00fcdostnorwegen, Norwegen\u00a0 \u00a0<\/p><p><strong>Tino Eisbrenner<\/strong>, Musiker und Schriftsteller<\/p><p><strong>Thomas Fazi<\/strong>, Autor, Italien<\/p><p><strong>Ruth Firmenich<\/strong>, MdEP, Politikwissenschaftlerin<\/p><p><strong>Dr. Heiner Flassbeck<\/strong>, Wirtschaftswissenschaftler, ehem. Staatsekret\u00e4r im Bundesfinanzministerium u. ehem. Chefvolkswirt der UNCTAD<\/p><p><strong>Justus Frantz<\/strong>, Dirigent, Gr\u00fcnder des Schleswig-Holstein Musikfestivals<\/p><p><strong>Prof. Dr. Hajo Funke<\/strong>, Freie Universit\u00e4t Berlin<\/p><p><strong>George Galloway<\/strong>, Vorsitzender Workers Party of Britain, Vereinigtes K\u00f6nigreich<\/p><p><strong>Dr. Daniele Ganser<\/strong>, Historiker und Publizist, Schweiz<\/p><p><strong>Prof. Dr. Ulrike Gu\u00e9rot<\/strong>, Politikwissenschaftlerin und Publizistin<\/p><p><strong>Gabriele Gysi<\/strong>, Schriftstellerin und Regisseurin<\/p><p><strong>Marie-Christine Giuliani<\/strong>, Nationalr\u00e4tin, \u00d6sterreich<\/p><p><strong>Christoph Hein<\/strong>, Schriftsteller \u00a0<\/p><p><strong>Dr. Hannes Hofbauer<\/strong>, Historiker, Publizist, Verleger<\/p><p><strong>Prof. Dr. Stefan Homburg<\/strong>, \u00d6ffentliche Finanzen, Leibniz Universit\u00e4t Hannover<\/p><p><strong>Andrej Hunko<\/strong>, Ehrenmitglied der Parlamentarischen Versammlung des Europarates<\/p><p><strong>Larry Johnson<\/strong>, ehem. CIA-Analyst und Publizist, USA \u00a0<\/p><p><strong>Markus J. Karsten<\/strong>, Verleger, Westend-Verlag<\/p><p><strong>Alexander King<\/strong>, Mitglied im Berliner Abgeordnetenhaus (BSW)<\/p><p><strong>Prof. Dr. Dieter Klein<\/strong>, Wirtschaftswissenschaften, Humboldt Universit\u00e4t i.R.<\/p><p><strong>Patrik K\u00f6bele<\/strong>, Vorsitzender der DKP<\/p><p><strong>Roger K\u00f6ppel<\/strong>, Verleger und Chefredakteur Die Weltwoche<\/p><p><strong>Markus Kompa<\/strong>, Anwalt f\u00fcr Medienrecht<\/p><p><strong>Prof. Dr. Gabriele Krone-Schmalz<\/strong>, Journalistin und Hochschullehrerin<\/p><p><strong>Generalmajor a.D. Dennis Laich<\/strong>, US Army<\/p><p><strong>Dr. Anatol Lieven<\/strong>, Direktor des Eurasien-Programms am Quincy Institute for Responsable Statecraft, Washington D.C., USA<\/p><p><strong>Andrew Lowenthal<\/strong>, Gr\u00fcnder und CEO von liber-net, Australien<\/p><p><strong>Prof. Dr. Pascal Lottaz<\/strong>, Professor an der Universit\u00e4t Kyoto, Japan<\/p><p><strong>Marcel Luthe, <\/strong>Vorsitzender Good Governance Gewerkschaft<\/p><p><strong>Dr. Hans-Georg Maa\u00dfen<\/strong>, Pr\u00e4sident des Bundesamtes f\u00fcr Verfassungsschutz a.D.<\/p><p><strong>Aaron Mat\u00e9<\/strong>, Journalist, Kanada<\/p><p><strong>Ray McGovern<\/strong>, Mitgr\u00fcnder der Veteran Intelligence Professionals for Sanity, CIA-Analyst i.R., USA \u00a0<\/p><p><strong>Prof. Dr. John J. Mearsheimer<\/strong>, Politikwissenschaftler, University of Chicago, USA<\/p><p><strong>Peter Mertens<\/strong>, Generalsekret\u00e4r Partij van de Arbeid (PVDA), Mitglied der Abgeordnetenkammer, Belgien<\/p><p><strong>Oberstleutnant a.D. Peter Misch<\/strong>, Verleger<\/p><p><strong>Albrecht M\u00fcller<\/strong>, Gr\u00fcnder und Herausgeber Nachdenkseiten<\/p><p><strong>Haralampi G. Oroschakoff<\/strong>, Bildender K\u00fcnstler und Schriftsteller<\/p><p><strong>Prof. Dr. Max Otte<\/strong>, \u00d6konom<\/p><p><strong>Dirk Pohlmann<\/strong>, Journalist und Filmemacher<\/p><p><strong>Prof. Dr. Nikolai Petro<\/strong>, Politikwissenschaftler an der University of Rhode Island, USA<\/p><p><strong>Didier Pfirter<\/strong>, Botschafter a.D., Vertreter der Schweiz bei der Gr\u00fcndung des Internationalen Strafgerichtshofs und ehem. Berater des UN-Generalsekret\u00e4rs Kofi Annan, Schweiz<\/p><p><strong>Prof. Dr. Theodore A. Postol<\/strong>, Emeritus f\u00fcr Wissenschaft, Technologie und Nationale Sicherheitspolitik am Massachusetts Institute of Technology, USA<\/p><p><strong>Milena Preradovic<\/strong>, Journalistin, \u00d6sterreich<\/p><p><strong>Scott Ritter<\/strong>, ehemaliger UN-Waffeninspektor und Milit\u00e4rexperte, USA<\/p><p><strong>Prof. Dr. Richard Sakwa<\/strong>, University of Kent, Vereinigtes K\u00f6nigreich \u00a0<\/p><p><strong>Michael von der Schulenburg<\/strong>, MdEP, ehem. UN- und OSZE-Diplomat<\/p><p><strong>Vizeadmiral a. D. Kay-Achim Sch\u00f6nbach<\/strong>, stellv. Vors. B\u00fcndnis Deutschland<\/p><p><strong>Gabriel Shipton<\/strong>, Bruder von Julian Assange und Gr\u00fcnder von The Information Rights Project, Australien<\/p><p><strong>Lord Robert Skidelsky<\/strong>, Historiker, House of Lords, Vereinigtes K\u00f6nigreich<\/p><p><strong>Prof. Dr. Wolfgang Streeck<\/strong>, Direktor em. am Max-Planck-Institut f\u00fcr Gesellschaftsforschung in K\u00f6ln<\/p><p><strong>Prof. Dr. Ola Tunander<\/strong>, Forschungsdirektor em. am Peace Research Intitute Oslo (PRIO), Norwegen \u00a0<\/p><p><strong>Raymond Unger<\/strong>, Schriftsteller und Bildender K\u00fcnstler<\/p><p><strong>Ron Unger<\/strong>, Soldat i.R. des US Marine Corps, Mitglied von Veterans for Peace, USA<\/p><p><strong>Prof. Dr. mult. Dr. h.c. mult. L\u00e1szl\u00f3 Ungv\u00e1ri<\/strong>, Gesch\u00e4ftsf\u00fchrer der Development in Relations of Industrial and Education Management GmbH<\/p><p><strong>Aya Velazquez<\/strong>, freie Journalistin<\/p><p><strong>Alexander Wallasch<\/strong>, Schriftsteller und Journalist<\/p><p><strong>Roger Waters<\/strong>, Musiker, Vereinigtes K\u00f6nigreich<\/p><p><strong>Dr. phil. Dieter Weber<\/strong>, Diplomat a.D. und Historiker<\/p><p><strong>Wenzel<\/strong>, Musiker und Autor<\/p><p><strong>Oberst a.D. Lawrence Wilkerson<\/strong>, ehemaliger Stabschef von US-Au\u00dfenminister Colin Powell, USA \u00a0<\/p><p><strong>Laura von Wimmersperg<\/strong>, Berliner Friedenskoordination<\/p><p><strong>Achim Winter<\/strong>, Journalist und Satiriker<\/p><p><strong>Flavio von Witzleben<\/strong>, Journalist<\/p>\t\t\t\t\t\t\t\t<\/div>\n\t\t\t\t\t<\/div>\n\t\t\t\t<\/div>\n\t\t\t\t\t<\/div>\n\t\t\t\t<\/div>\n\t\t<div class=\"elementor-element elementor-element-85844a0 e-flex e-con-boxed e-con e-parent\" data-id=\"85844a0\" data-element_type=\"container\" data-e-type=\"container\" id=\"unterzeichnen\">\n\t\t\t\t\t<div class=\"e-con-inner\">\n\t\t\t\t<div class=\"elementor-element elementor-element-0fc2dcc elementor-widget elementor-widget-shortcode\" data-id=\"0fc2dcc\" data-element_type=\"widget\" data-e-type=\"widget\" data-widget_type=\"shortcode.default\">\n\t\t\t\t\t\t\t<div class=\"elementor-shortcode\">        <div class=\"petitioner\">\n                    <h2 class=\"petitioner__title\">\n            Sign it too!        <\/h2>\n            <button class=\"petitioner__btn petitioner__btn--letter\">View the letter<\/button>\n\n        <div class=\"petitioner-modal\">\n            <span class=\"petitioner-modal__backdrop\"><\/span>\n            <div class=\"petitioner-modal__letter\">\n                <button class=\"petitioner-modal__close\">&times; <span>Close modal<\/span><\/button>\n                <h3>Wir protestieren gegen die rechtswidrigen Sanktionen gegen Oberst Jacques Baud und den Kriegskurs der EU!<\/h3>\n                <div class=\"petitioner-modal__inner\">\n                    <p><span style=\"font-size: 13pt;font-family: Arial, sans-serif\">Mit ihrem j&uuml;ngsten Sanktionspaket hat die EU den Milit&auml;rhistoriker und ehemaligen Oberst der Schweizer Armee und des Schweizer Strategischen Nachrichtendienstes sowie Mitglied des Schweizer Generalstabs Jacques Baud mit Sanktionen belegt. <\/span><\/p>\n<p><span style=\"font-size: 13pt;font-family: Arial, sans-serif\">Jacques Baud ist Schweizer Staatsb&uuml;rger und lebt in Br&uuml;ssel. Er darf Belgien nicht mehr verlassen, sein Verm&ouml;gen wurde beschlagnahmt, seine Konten sind eingefroren, seine B&uuml;cher d&uuml;rfen nicht mehr verkauft werden.<\/span><span style=\"font-size: 13pt;line-height: 26px;font-family: Arial, sans-serif\">Jacques Baud hat unter anderem f&uuml;r die NATO und die Vereinten Nationen gearbeitet. Er ist ein untadeliger Wissenschaftler und ein Ehrenmann. Seine B&uuml;cher erf&uuml;llen die h&ouml;chsten Ma&szlig;st&auml;be der fachlichen historischen Analyse. Er arbeitet strikt neutral nach dem Grundsatz: Beide Seiten m&uuml;ssen geh&ouml;rt werden.<\/span><\/p>\n                <\/div>\n                <hr \/>\n                <p>Laura von Wimmersperg, Sevim Dagdelen, Patrik Baab<\/p>\n            <\/div>\n        <\/div>\n            <form\n            id=\"petitioner-form-170\"\n            method=\"get\"\n            action=\"https:\/\/free-baud.org\/wp-admin\/admin-ajax.php?action=petitioner_form_submit\">\n\n                    <div class=\"petitioner__input\">\n            <label for=\"petitioner_fname\">\n                First name            <\/label>\n            <input\n                type=\"text\"\n                id=\"petitioner_fname\"\n                required name=\"petitioner_fname\">\n        <\/div>\n\n            <div class=\"petitioner__input\">\n            <label for=\"petitioner_lname\">\n                Name            <\/label>\n            <input\n                type=\"text\"\n                id=\"petitioner_lname\"\n                required name=\"petitioner_lname\">\n        <\/div>\n\n            <div class=\"petitioner__input\">\n            <label for=\"petitioner_street_address\">\n                Profession            <\/label>\n            <input\n                type=\"text\"\n                id=\"petitioner_street_address\"\n                required name=\"petitioner_street_address\">\n        <\/div>\n\n            <div class=\"petitioner__input\">\n            <label for=\"petitioner_email\">\n                E-Mail            <\/label>\n            <input\n                type=\"email\"\n                id=\"petitioner_email\"\n                required placeholder=\"Deine E-Mail-Adresse\"                name=\"petitioner_email\">\n        <\/div>\n\n            <div class=\"petitioner__input petitioner__input--checkbox\">\n            <label for=\"petitioner_accept_tos\">\n                I agree to my name being published as a signatory on this website. I have read and understood the information on data protection.            <\/label>\n            <input\n                type=\"checkbox\"\n                id=\"petitioner_accept_tos\"\n                name=\"petitioner_accept_tos\"\n                 required \/>\n        <\/div>\n            <div\n            id=\"petitioner_legal\"\n            class=\"petitioner_legal petitioner-disclaimer-text\">\n            <p>After submitting, you will receive a confirmation email.&nbsp;<br data-start=\"1509\" data-end=\"1512\">Your name will then be published promptly by the editorial team as a signatory. Your email address will not be published.<\/p>        <\/div>\n            <button type=\"submit\" class=\"petitioner__btn petitioner__btn--submit\">\n            Sign now        <\/button>\n\n            <input type=\"hidden\" name=\"form_id\" value=\"170\">\n\n                                <span class=\"petitioner-turnstile-container\"><\/span>\n            <input type=\"hidden\" name=\"petitioner-turnstile-response\" id=\"petitioner-turnstile-response\">\n        \n        \n        \n                            <input type=\"text\" name=\"ptr_info\" style=\"display:none\" \/>\n            \n        <\/form>\n                <div class=\"petitioner__response\">\n                <h3><\/h3>\n                <p><\/p>\n            <\/div>\n\n        <\/div>\n    <\/div>\n\t\t\t\t\t\t<\/div>\n\t\t\t\t\t<\/div>\n\t\t\t\t<\/div>\n\t\t<div class=\"elementor-element elementor-element-6947af1 e-flex e-con-boxed e-con e-parent\" data-id=\"6947af1\" data-element_type=\"container\" data-e-type=\"container\" data-settings=\"{&quot;background_background&quot;:&quot;classic&quot;}\">\n\t\t\t\t\t<div class=\"e-con-inner\">\n\t\t<div class=\"elementor-element elementor-element-7cd1e82 e-con-full e-flex e-con e-child\" data-id=\"7cd1e82\" data-element_type=\"container\" data-e-type=\"container\">\n\t\t\t\t<div class=\"elementor-element elementor-element-543601f elementor-widget elementor-widget-heading\" data-id=\"543601f\" data-element_type=\"widget\" data-e-type=\"widget\" data-widget_type=\"heading.default\">\n\t\t\t\t\t<h2 class=\"elementor-heading-title elementor-size-default\">Additional signatories: <\/h2>\t\t\t\t<\/div>\n\t\t\t\t<div class=\"elementor-element elementor-element-f3d27da elementor-widget elementor-widget-n-accordion\" data-id=\"f3d27da\" data-element_type=\"widget\" data-e-type=\"widget\" data-settings=\"{&quot;default_state&quot;:&quot;expanded&quot;,&quot;max_items_expended&quot;:&quot;one&quot;,&quot;n_accordion_animation_duration&quot;:{&quot;unit&quot;:&quot;ms&quot;,&quot;size&quot;:400,&quot;sizes&quot;:[]}}\" data-widget_type=\"nested-accordion.default\">\n\t\t\t\t\t\t\t<div class=\"e-n-accordion\" aria-label=\"Accordion. Open links with Enter or Space, close with Escape, and navigate with Arrow Keys\">\n\t\t\t\t\t\t<details id=\"e-n-accordion-item-2550\" class=\"e-n-accordion-item\" open>\n\t\t\t\t<summary class=\"e-n-accordion-item-title\" data-accordion-index=\"1\" tabindex=\"0\" aria-expanded=\"true\" aria-controls=\"e-n-accordion-item-2550\" >\n\t\t\t\t\t<span class='e-n-accordion-item-title-header'><div class=\"e-n-accordion-item-title-text\"> unfold <\/div><\/span>\n\t\t\t\t\t\t\t<span class='e-n-accordion-item-title-icon'>\n\t\t\t<span class='e-opened' ><svg aria-hidden=\"true\" class=\"e-font-icon-svg e-fas-minus\" viewbox=\"0 0 448 512\" xmlns=\"http:\/\/www.w3.org\/2000\/svg\"><path d=\"M416 208H32c-17.67 0-32 14.33-32 32v32c0 17.67 14.33 32 32 32h384c17.67 0 32-14.33 32-32v-32c0-17.67-14.33-32-32-32z\"><\/path><\/svg><\/span>\n\t\t\t<span class='e-closed'><svg aria-hidden=\"true\" class=\"e-font-icon-svg e-fas-plus\" viewbox=\"0 0 448 512\" xmlns=\"http:\/\/www.w3.org\/2000\/svg\"><path d=\"M416 208H272V64c0-17.67-14.33-32-32-32h-32c-17.67 0-32 14.33-32 32v144H32c-17.67 0-32 14.33-32 32v32c0 17.67 14.33 32 32 32h144v144c0 17.67 14.33 32 32 32h32c17.67 0 32-14.33 32-32V304h144c17.67 0 32-14.33 32-32v-32c0-17.67-14.33-32-32-32z\"><\/path><\/svg><\/span>\n\t\t<\/span>\n\n\t\t\t\t\t\t<\/summary>\n\t\t\t\t<div role=\"region\" aria-labelledby=\"e-n-accordion-item-2550\" class=\"elementor-element elementor-element-c048de3 e-con-full e-flex e-con e-child\" data-id=\"c048de3\" data-element_type=\"container\" data-e-type=\"container\">\n\t\t\t\t<div class=\"elementor-element elementor-element-d5ffe68 elementor-widget elementor-widget-text-editor\" data-id=\"d5ffe68\" data-element_type=\"widget\" data-e-type=\"widget\" data-widget_type=\"text-editor.default\">\n\t\t\t\t\t\t\t\t\t<p class=\"p1\"><span class=\"s1\"><strong>Eva Maria Adler<\/strong>, Unternehmerin<\/span><\/p><p class=\"p1\"><span class=\"s1\"><strong>Beatrice Altman-Schevitz<\/strong>, Soziologin und Autorin<\/span><\/p><p class=\"p1\"><span class=\"s1\"><strong>Ilona Anders, Dipl. Ing.<\/strong>, Projektmanagement TGA<\/span><\/p><p class=\"p1\"><span class=\"s1\"><strong>Hauptmann a.D. Ralf Anders<\/strong>, Projektmanager<\/span><\/p><p class=\"p1\"><span class=\"s1\"><strong>Prof. Dr. Robert Anderson<\/strong>, Amerikanist, University of New Mexico, Albuquerque, USA<\/span><\/p><p class=\"p1\"><span class=\"s1\"><strong>Sebastian Bahlo<\/strong>, Bundesvorsitzender des Deutschen Freidenker-Verbandes<\/span><\/p><p class=\"p1\"><span class=\"s1\"><strong>Gunter Baldauf<\/strong>, Gesch\u00e4ftsf\u00fchrer i.R.<\/span><\/p><p class=\"p1\"><span class=\"s1\"><strong>C\u00e9cile Barbier<\/strong>, Brussel<\/span><\/p><p class=\"p1\"><span class=\"s1\"><strong>Peter Barret<\/strong>, Antarktisforscher, Wellington, Neuseeland<\/span><\/p><p class=\"p1\"><span class=\"s1\"><strong>Prof. Dr. Franco Battaglia<\/strong>, Chemiker, Universit\u00e0 degli Studi di Modena e Reggio Emilia<\/span><\/p><p class=\"p1\"><span class=\"s1\"><strong>Hans Bauer<\/strong>, Rechtsanwalt<\/span><\/p><p class=\"p1\"><span class=\"s1\"><strong>Alexander von Bismarck<\/strong>, Unternehmer, Stendal<\/span><\/p><p class=\"p1\"><span class=\"s1\"><strong>Barbara Bodechtel<\/strong>, Dipl.-Med., IPPNW<\/span><\/p><p class=\"p1\"><span class=\"s1\"><strong>Prof. Dr. jur. habil Dr. rer. pol. Volker Boehme-Ne\u00dfler<\/strong>, Carl von Ossietzky Universit\u00e4t Oldenburg<\/span><\/p><p class=\"p1\"><span class=\"s1\"><strong>Nel Bonilla<\/strong>, Sozialwissenschaftlerin<\/span><\/p><p class=\"p1\"><span class=\"s1\"><strong>Volker Br\u00e4utigam<\/strong>, Journalist und Autor<\/span><\/p><p class=\"p1\"><span class=\"s1\"><strong>Dr. Paul Brandenburg<\/strong>, Publizist und Arzt, Schweiz<\/span><\/p><p class=\"p1\"><span class=\"s1\"><strong>Prof. Dr. Lawrence Bridwell<\/strong>, Lubis School of Business, PACE University, New York, USA<\/span><\/p><p class=\"p1\"><span class=\"s1\"><strong>Mathias Br\u00f6ckers<\/strong>, Publizist und Autor, Frankfurt a.M.<\/span><\/p><p class=\"p1\"><span class=\"s1\"><strong>Jon Brown<\/strong>, Drehbuchautor, USA<\/span><\/p><p class=\"p1\"><span class=\"s1\"><strong>Heinrich B\u00fccker<\/strong>, Anti-War Caf\u00e9 Berlin<\/span><\/p><p class=\"p1\"><span class=\"s1\"><strong>Richard Carter<\/strong>, Lehrer, USA<\/span><\/p><p class=\"p1\"><span class=\"s1\"><strong>Robert Cibis<\/strong>, Journalist, Berlin<\/span><\/p><p class=\"p1\"><span class=\"s1\"><strong>Hugo M. Connery<\/strong>, B Sc., Hobart, Australia<\/span><\/p><p class=\"p1\"><span class=\"s1\"><strong>Alex Cox<\/strong>, Regisseur und Drehbuchautor, USA<\/span><\/p><p class=\"p1\"><span class=\"s1\"><strong>G. Bruce Currie<\/strong>, Concord, New Hampshire, USA<\/span><\/p><p class=\"p1\"><span class=\"s1\"><strong>Jaroslav Daniska<\/strong>, Chefredakteur <a href=\"http:\/\/marker.sk\/\">Marker.sk<\/a>, Slovakia<\/span><\/p><p class=\"p1\"><span class=\"s1\"><strong>Nirmal Dass<\/strong>, Editor-in-chief, The Postil Magazine, Canada<\/span><\/p><p class=\"p1\"><span class=\"s1\"><strong>Dr. Renate Dillmann<\/strong>, Bochum<\/span><\/p><p class=\"p1\"><span class=\"s1\"><strong>Eugene Doyle<\/strong>, Writer, Wellington, New Zealand<\/span><\/p><p class=\"p1\"><span class=\"s1\"><strong>Dr. Deepa Driver<\/strong>, Academic and Trade Unionist, UK<\/span><\/p><p class=\"p1\"><span class=\"s1\"><strong>Prof. Dr. Heike Egner<\/strong>, Immunbiologin<\/span><\/p><p class=\"p1\"><span class=\"s1\"><strong>Ralf Eger<\/strong>, Filmemacher, M\u00fcnchen<\/span><\/p><p class=\"p1\"><span class=\"s1\"><strong>Major d.R. Wolfgang Effenberger<\/strong>, Autor und Publizist, \u00d6sterreich<\/span><\/p><p class=\"p1\"><span class=\"s1\"><strong>Dr. Mihail Evans<\/strong>, Research Fellow, New Europe College, Bucharest<\/span><\/p><p class=\"p1\"><span class=\"s1\"><strong>Thomas Fasbender<\/strong>, Journalist\u00a0<\/span><\/p><p class=\"p1\"><span class=\"s1\"><strong>Dr. Markus Fiedler<\/strong>, Soziologe<\/span><\/p><p class=\"p1\"><span class=\"s1\"><strong>Marcel Fischer<\/strong>, Radio Marabu<\/span><\/p><p class=\"p1\"><span class=\"s1\"><strong>David C. Fisher<\/strong>, Houston, Texas<\/span><\/p><p class=\"p1\"><span class=\"s1\"><strong>Dr. Eva-Maria F\u00f6llmer-M\u00fcller<\/strong>, Psychotherapeutin, Sirnach CH<\/span><\/p><p class=\"p1\"><span class=\"s1\"><strong>Mattias Forsgren<\/strong>, Dissidentklubben, Stockhom<\/span><\/p><p class=\"p1\"><span class=\"s1\"><strong>Dr. Gunter Frank<\/strong>, Arzt und Autor<\/span><\/p><p class=\"p1\"><span class=\"s1\"><strong>Peter Frey<\/strong>, Blogger, Peds Ansichten<\/span><\/p><p class=\"p1\"><span class=\"s1\"><strong>Harald Friese<\/strong>, Historiker, K\u00f6ln<\/span><\/p><p class=\"p1\"><span class=\"s1\"><strong>Elena Fritz<\/strong>, geopolitische Analystin<\/span><\/p><p class=\"p1\"><span class=\"s1\"><strong>Bruce K. Gagnon<\/strong>, Global Network Against Weapons &amp; Nuclear Power in Space<\/span><\/p><p class=\"p1\"><span class=\"s1\"><strong>Magda von Garrel<\/strong>, Politologin und Autorin<\/span><\/p><p class=\"p1\"><span class=\"s1\"><strong>J.R. Gipple, Des Moines<\/strong>, IA, USA<\/span><\/p><p class=\"p1\"><span class=\"s1\"><strong>Rolf G\u00f6ssner<\/strong>, V\u00f6lkerrechtler, ehem. Vorsitzender der Liga f\u00fcr Menschenrechte<\/span><\/p><p class=\"p1\"><span class=\"s1\"><strong>Prof. Dr. Vladimir Goldstein<\/strong>, Slavic Studies, Brown University, Providence, Rhode Island<\/span><\/p><p class=\"p1\"><span class=\"s1\"><strong>Hans-Wolff Graf, Dipl. Psych., Dipl. P\u00e4d.<\/strong>, Verm\u00f6gensverwalter und Journalist<\/span><\/p><p class=\"p1\"><span class=\"s1\"><strong>Urs Graf<\/strong>, Psychologe, Sirnach CH<\/span><\/p><p class=\"p1\"><span class=\"s1\"><strong>Tilo Gr\u00e4ser<\/strong>, Journalist, Berlin<\/span><\/p><p class=\"p1\"><span class=\"s1\"><strong>Martin Hantke<\/strong>, BSW-Bezirksvorsitzender Berlin Mitte\u00a0\u00a0<\/span><\/p><p class=\"p1\"><span class=\"s1\"><strong>Norbert H\u00e4ring<\/strong>, Publizist, Autor &#8222;Der Wahrheitskomplex &#8211; Wie NGO&#8217;s im Staatsauftrag unerw\u00fcnschte Meinungen bek\u00e4mpfen&#8220;<\/span><\/p><p class=\"p1\"><span class=\"s1\"><strong>Dr. Gordon M. Hahn<\/strong>, Middlebury Institute of International Studies at Monterey, USA<\/span><\/p><p class=\"p1\"><span class=\"s1\"><strong>Dr. Peter H\u00e4nseler<\/strong>, Publizist und Rechtsanwalt<\/span><\/p><p class=\"p1\"><span class=\"s1\"><strong>Prof. Dr. Chris Hann<\/strong>, ehem. Gr\u00fcndungsdirektor des Max-Planck-Instituts f\u00fcr ethnologische Forschung, Halle<\/span><\/p><p class=\"p1\"><span class=\"s1\"><strong>Klaus Hartmann<\/strong>, Pr\u00e4sident der Weltunion der Freidenker<\/span><\/p><p class=\"p1\"><span class=\"s1\"><strong>Evelyn Hecht-Galinski<\/strong>, Sicht vom Hochblauen<\/span><\/p><p class=\"p1\"><span class=\"s1\"><strong>Heidrun Hegewald<\/strong>, Malerin und Grafikerin<\/span><\/p><p class=\"p1\"><span class=\"s1\"><strong>Prof. Dr. David Hendrickson<\/strong>, Politikwissenschaftler, Colorado College, USA<\/span><\/p><p class=\"p1\"><span class=\"s1\"><strong>Dr. Roger Higginson<\/strong>, Research Associate, University of Sussex, UK<\/span><\/p><p class=\"p1\"><span class=\"s1\"><strong>Elisabeth Hills<\/strong>, Memphis TN<\/span><\/p><p class=\"p1\"><span class=\"s1\"><strong>Diana Hohenthal<\/strong>, Kunst-Managerin und Kuratorin<\/span><\/p><p class=\"p1\"><span class=\"s1\"><strong>Ulrich Hoppe<\/strong>, Freundschaft mit Russland e.V.<\/span><\/p><p class=\"p1\"><span class=\"s1\"><strong>Wolfgang J. Hummel<\/strong>, Rechtsanwalt, Berlin<\/span><\/p><p class=\"p1\"><span class=\"s1\"><strong>Hakan Julander<\/strong>, Schriftsteller, Stockholm, SE<\/span><\/p><p class=\"p1\"><span class=\"s1\"><strong>Jutta Kausch-Henken<\/strong>, Schauspielerin, Friedenskoordination<\/span><\/p><p class=\"p1\"><span class=\"s1\"><strong>Dr. Lasha Kazradze<\/strong>, International relations analyst, Sokhumi State University Tbilissi, Georgia<\/span><\/p><p class=\"p1\"><span class=\"s1\"><strong>Leo Keller<\/strong>, Managing Director Blue Ocean SWS GmbH Z\u00fcrich<\/span><\/p><p class=\"p1\"><span class=\"s1\"><strong>Friedhelm Klinkhammer<\/strong>, Jurist<\/span><\/p><p class=\"p1\"><span class=\"s1\"><strong>Marcus Kloeckner<\/strong>, Journalist und Autor<\/span><\/p><p class=\"p1\"><span class=\"s1\"><strong>Lucy Komisar<\/strong>, investigative journalist, New York<\/span><\/p><p class=\"p1\"><span class=\"s1\"><strong>Dr. Christoph Kr\u00e4mer<\/strong>, Chirurg, IPPNW<\/span><\/p><p class=\"p1\"><span class=\"s1\"><strong>Volker Krannich<\/strong>, Projektmanager i. R.\u00a0<\/span><\/p><p class=\"p1\"><span class=\"s1\"><strong>Egon Krenz<\/strong>, letzter Staatsratsvorsitzender der DDR<\/span><\/p><p class=\"p1\"><span class=\"s1\"><strong>Miriam K\u00fchsel-Hussaini<\/strong>, Schriftstellerin, Berlin<\/span><\/p><p class=\"p1\"><span class=\"s1\"><strong>Mertz Laakso<\/strong>, Dissidentclubben, Stockholm<\/span><\/p><p class=\"p1\"><span class=\"s1\"><strong>Roberto de Lapuente<\/strong>, Chefredakteur Overton-Magazin<\/span><\/p><p class=\"p1\"><span class=\"s1\"><strong>Gisela Liebe<\/strong>, Dipl. Sozialwirtin, Sirnach, CH<\/span><\/p><p class=\"p1\"><span class=\"s1\"><strong>Joe Lombardo<\/strong>, United National Antiwar Coalition, USA<\/span><\/p><p class=\"p1\"><span class=\"s1\"><strong>Almuth und Uli Masuth<\/strong>, Kulturschaffende, Weimar<\/span><\/p><p class=\"p1\"><span class=\"s1\"><strong>Ursula Mathern<\/strong>, Rentnerin, Merxheim<\/span><\/p><p class=\"p1\"><span class=\"s1\"><strong>Milosz Matuschek<\/strong>, Journalist, Schweiz<\/span><\/p><p class=\"p1\"><span class=\"s1\"><strong>Stefania Maurizi<\/strong>, Journalistin, Rom, IT<\/span><\/p><p class=\"p1\"><span class=\"s1\"><strong>Jonathan McCormick<\/strong>, Journalist, Bratislava, Slovakia<\/span><\/p><p class=\"p1\"><span class=\"s1\"><strong>Dr. Krishen Mehta<\/strong>, Senior Global Justice Fellow, Yale University, USA<\/span><\/p><p class=\"p1\"><span class=\"s1\"><strong>Prof. Dr. Michael Meyen<\/strong>, Medienforscher, Universit\u00e4t M\u00fcnchen<\/span><\/p><p class=\"p1\"><span class=\"s1\"><strong>Antje Meyen<\/strong>, Journalistin, M\u00fcnchen<\/span><\/p><p class=\"p1\"><span class=\"s1\"><strong>Steven Milosevski<\/strong>, Sydney, Australia<\/span><\/p><p class=\"p1\"><span class=\"s1\"><strong>Vernon Moat<\/strong>, Exeter, Devon, UK<\/span><\/p><p class=\"p1\"><span class=\"s1\"><strong>Dr. Amir Mortasawi<\/strong>, Arzt und Publizist, Deutschland<\/span><\/p><p class=\"p1\"><span class=\"s1\"><strong>Gisela von Mutius<\/strong>, Politologin, Bonn<\/span><\/p><p class=\"p1\"><span class=\"s1\"><strong>Hans-Reimar von Mutius<\/strong>, Politologe, Bonn<\/span><\/p><p class=\"p1\"><span class=\"s1\"><strong>Mats Nilsson<\/strong>, Senior Analyst, Dissidentclubben Stockholm, SE<\/span><\/p><p class=\"p1\"><span class=\"s1\"><strong>Agneta Norberg<\/strong>, ehem. Vors. Friedensrat in Schweden<\/span><\/p><p class=\"p1\"><span class=\"s1\"><strong>Stephan Ossenkopp<\/strong>, Publizist, Berlin<\/span><\/p><p class=\"p1\"><span class=\"s1\"><strong>Prof. Dr. Norman Paech<\/strong>, V\u00f6lkerrechtler, Universit\u00e4t Hamburg\u00a0<\/span><\/p><p class=\"p1\"><span class=\"s1\"><strong>Vladimir Palko<\/strong>, Ehem. Minister des Inneren, Slovakei<\/span><\/p><p class=\"p1\"><span class=\"s1\"><strong>Dr. Inge Pardon, Archivdirektorin a.D.<\/strong>, Historikern u. Autorin<\/span><\/p><p class=\"p1\"><span class=\"s1\"><strong>Dr. Andreas Peglau<\/strong>, Psychologe und Psychoanalytiker<\/span><\/p><p class=\"p1\"><span class=\"s1\"><strong>Rosalie Tyler Paul<\/strong>, Brunswick\/Maine, USA<\/span><\/p><p class=\"p1\"><span class=\"s1\"><strong>Doris und George Pumphrey<\/strong>, Berlin<\/span><\/p><p class=\"p1\"><span class=\"s1\"><strong>\u00c9va P\u00e9li<\/strong>, Journalistin, Berlin<\/span><\/p><p class=\"p1\"><span class=\"s1\"><strong>Hanrik Peters\u00e9n<\/strong>, Schriftsteller, Stockholm, SE<\/span><\/p><p class=\"p1\"><span class=\"s1\"><strong>Licia Ponno<\/strong>, Business Developer, Milano, Italien<\/span><\/p><p class=\"p1\"><span class=\"s1\"><strong>Dr. Alexander Rahr<\/strong>, Schriftsteller und Osteuropa-Experte, Berlin<\/span><\/p><p class=\"p1\"><span class=\"s1\"><strong>Arnulf Rating<\/strong>, Kabarettist, Berlin<\/span><\/p><p class=\"p1\"><span class=\"s1\"><strong>Prof. Dr. Christopher Read<\/strong>, Prof. em. for European History, UK<\/span><\/p><p class=\"p1\"><span class=\"s1\"><strong>Prof. Dr. Alastair Renfrew<\/strong>, University of Durham, UK<\/span><\/p><p class=\"p1\"><span class=\"s1\"><strong>Tom-Oliver Regenauer<\/strong>, Journalist und Autor, Schweiz<\/span><\/p><p class=\"p1\"><span class=\"s1\"><strong>Dr. G\u00fcnter Rexilius<\/strong>, Psychotherapeut, M\u00f6nchengladbach<\/span><\/p><p class=\"p1\"><span class=\"s1\"><strong>Torsten Rexin<\/strong>, stellv. Vositzender d. Gesellschaft f. deutsch-russische Freundschaft<\/span><\/p><p class=\"p1\"><span class=\"s1\"><strong>Steffi Rist<\/strong>, Unternehmerin\u00a0<\/span><\/p><p class=\"p1\"><span class=\"s1\"><strong>Jan Ristau<\/strong>, Rechtsanwalt und Publizist\u00a0<\/span><\/p><p class=\"p1\"><span class=\"s1\"><strong>Prof. Dr. Geoffrey Roberts<\/strong>, Historian, Member of the Royal Irish Academy, University College Cork<\/span><\/p><p class=\"p1\"><span class=\"s1\"><strong>Jes\u00fas Rodriguez-Espinoza<\/strong>, Chefredakteur Orinoco Tribune, Venezuela<\/span><\/p><p class=\"p1\"><span class=\"s1\"><strong>Coleen Rowley<\/strong>, ret. FBI Special Agent and former Minneapolis Division Legal Counsel, a 2002 TIME Person of the Year along with fellow whistleblowers Cynthia Cooper and Sherron Watkins<\/span><\/p><p class=\"p1\"><span class=\"s1\"><strong>Dr. Werner R\u00fcgemer<\/strong>, Publizist, Beirat der World Association for Political Economy (WAPE)<\/span><\/p><p class=\"p1\"><span class=\"s1\"><strong>Darryl Rush<\/strong>, Singer and Songwriter, Texas, USA<\/span><\/p><p class=\"p1\"><span class=\"s1\"><strong>Theo Russel<\/strong>, Vositzender New Communist Party, GB<\/span><\/p><p class=\"p1\"><span class=\"s1\"><strong>Dr. Jeffrey Schevitz<\/strong>, \u00a0Soziologe, Universit\u00e4ten Princeton und Berkeley, USA<\/span><\/p><p class=\"p1\"><span class=\"s1\"><strong>Peter Schindler<\/strong>, Rechtsanwalt, Wien<\/span><\/p><p class=\"p1\"><span class=\"s1\"><strong>Dirk Schmitz<\/strong>, Rechtsanwalt\u00a0<\/span><\/p><p class=\"p1\"><span class=\"s1\"><strong>Major a.D. Dr. Lothar Schr\u00f6ter<\/strong>, Milit\u00e4rhistoriker, Potsdam\u00a0<\/span><\/p><p class=\"p1\"><span class=\"s1\"><strong>Barbara Schwegler<\/strong>, Chirurgin, IPPNW, Braunschweig<\/span><\/p><p class=\"p1\"><span class=\"s1\"><strong>Prof. Bernd Seegers<\/strong>, Stadtplaner, Berlin, China Intelligent Urbanization Center<\/span><\/p><p class=\"p1\"><span class=\"s1\"><strong>Yves Smith<\/strong>, Financial analyst, Institute for New Economic Thinking, New York<\/span><\/p><p class=\"p1\"><span class=\"s1\"><strong>Prof. Dr. Jos\u00e9 Catarino Soares<\/strong>, Linguist und Schriftsteller, Portugal<\/span><\/p><p class=\"p1\"><span class=\"s1\"><strong>Anette Sorg<\/strong>, Nachdenkseiten<\/span><\/p><p class=\"p1\"><span class=\"s1\"><strong>Kayvan Soufi-Siavash<\/strong>, Journalist und Buchautor<\/span><\/p><p class=\"p1\"><span class=\"s1\"><strong>Oberfeldarzt d.R. Dr. Berthold Spahlinger<\/strong>, Vors. des NAV-Virchowbund BW, Sachsenheim\u00a0<\/span><\/p><p class=\"p1\"><span class=\"s1\"><strong>Prof. Dr. phil. Henrieke Stahl<\/strong>, Morbach\u00a0<\/span><\/p><p class=\"p1\"><span class=\"s1\"><strong>Peter Stevkov<\/strong>, stellv. Chefredakteur, <a href=\"http:\/\/marker.sk\/\">Marker.sk<\/a>, Slovakei\u00a0<\/span><\/p><p class=\"p1\"><span class=\"s1\"><strong>Burkhard M\u00fcller-Ullrich<\/strong>, Kontrafunk AG\u00a0<\/span><\/p><p class=\"p1\"><span class=\"s1\"><strong>Gert Ewen Ungar<\/strong>, Journalist, Moskau<\/span><\/p><p class=\"p1\"><span class=\"s1\"><strong>Gary Villapiano<\/strong>, Executive Producer Daniel Davis Deep Dive, New York<\/span><\/p><p class=\"p1\"><span class=\"s1\"><strong>Erika V\u00f6geli<\/strong>, Psychologin, Sirnach CH<\/span><\/p><p class=\"p1\"><span class=\"s1\"><strong>Elisabeth F\u00fcrstin zu Waldburg-Wolfegg und Waldsee<\/strong>, Bad Waldsee<\/span><\/p><p class=\"p1\"><span class=\"s1\"><strong>Margot u. Willy Wahl<\/strong>, Herausgeber des Portals <a href=\"http:\/\/seniora.org\/\">Seniora.org<\/a><\/span><\/p><p class=\"p1\"><span class=\"s1\"><strong>Prof. Dr. Harald Wallach<\/strong>, Psychologe, Discorso-Verlag<\/span><\/p><p class=\"p1\"><span class=\"s1\"><strong>Dr. Bettina Warwitz<\/strong>, Medizinerin, Berlin<\/span><\/p><p class=\"p1\"><span class=\"s1\"><strong>Edelgard u. Horst Weber<\/strong>, Landwirte<\/span><\/p><p class=\"p1\"><strong><span class=\"s1\">Dr. phil. Tatjana Weber<\/span><\/strong><\/p><p class=\"p1\"><span class=\"s1\"><strong>Kay Weir<\/strong>, Herausgeber, Wellington, Neuseeland<\/span><\/p><p class=\"p1\"><span class=\"s1\"><strong>Dr. John Howard Wilhelm<\/strong>, Osteuropa-Experte, Ann Arbor, Michigan, USA<\/span><\/p><p class=\"p1\"><span class=\"s1\"><strong>Julia Wille<\/strong>, Filmausstatterin, St. Peters, Nova Scotia, Canada<\/span><\/p><p class=\"p1\"><span class=\"s1\"><strong>Dr. Volker Wirth<\/strong>, Wirtschaftwissenschaftler, Berlin<\/span><\/p><p class=\"p1\"><span class=\"s1\"><strong>Winfried Wolk<\/strong>, freier K\u00fcnstler<\/span><\/p><p class=\"p1\"><span class=\"s1\"><strong>Russell Woodward<\/strong>, Lehrer i.R., New Mexico, USA<\/span><\/p>\t\t\t\t\t\t\t\t<\/div>\n\t\t\t\t<\/div>\n\t\t\t\t\t<\/details>\n\t\t\t\t\t<\/div>\n\t\t\t\t\t\t<\/div>\n\t\t\t\t<div class=\"elementor-element elementor-element-f4dc9dc elementor-widget elementor-widget-heading\" data-id=\"f4dc9dc\" data-element_type=\"widget\" data-e-type=\"widget\" data-widget_type=\"heading.default\">\n\t\t\t\t\t<h2 class=\"elementor-heading-title elementor-size-default\">Additional signatories:<\/h2>\t\t\t\t<\/div>\n\t\t\t\t<\/div>\n\t\t\t\t<div class=\"elementor-element elementor-element-ada66ad elementor-widget elementor-widget-shortcode\" data-id=\"ada66ad\" data-element_type=\"widget\" data-e-type=\"widget\" data-widget_type=\"shortcode.default\">\n\t\t\t\t\t\t\t<div class=\"elementor-shortcode\"><div class=\"petitioner petitioner-submissions petitioner-submissions--simple\" data-ptr-settings=\"{&quot;form_id&quot;:170,&quot;per_page&quot;:700,&quot;style&quot;:&quot;simple&quot;,&quot;fields&quot;:&quot;name,country,submitted_at&quot;,&quot;show_pagination&quot;:true}\"><\/div>\n<\/div>\n\t\t\t\t\t\t<\/div>\n\t\t\t\t\t<\/div>\n\t\t\t\t<\/div>\n\t\t<div class=\"elementor-element elementor-element-875731f e-flex e-con-boxed e-con e-parent\" data-id=\"875731f\" data-element_type=\"container\" data-e-type=\"container\" data-settings=\"{&quot;background_background&quot;:&quot;classic&quot;}\">\n\t\t\t\t\t<div class=\"e-con-inner\">\n\t\t<div class=\"elementor-element elementor-element-7891c2a e-con-full e-flex e-con e-child\" data-id=\"7891c2a\" data-element_type=\"container\" data-e-type=\"container\">\n\t\t\t\t<div class=\"elementor-element elementor-element-243c896 elementor-widget elementor-widget-text-editor\" data-id=\"243c896\" data-element_type=\"widget\" data-e-type=\"widget\" data-widget_type=\"text-editor.default\">\n\t\t\t\t\t\t\t\t\t<p>Every vote counts! Join in, be part of it!<\/p>\t\t\t\t\t\t\t\t<\/div>\n\t\t\t\t<div class=\"elementor-element elementor-element-2842172 elementor-align-center elementor-widget elementor-widget-button\" data-id=\"2842172\" data-element_type=\"widget\" data-e-type=\"widget\" data-widget_type=\"button.default\">\n\t\t\t\t\t\t\t\t\t\t<a class=\"elementor-button elementor-button-link elementor-size-sm\" href=\"#unterzeichnen\">\n\t\t\t\t\t\t<span class=\"elementor-button-content-wrapper\">\n\t\t\t\t\t\t\t\t\t<span class=\"elementor-button-text\">Sign now!<\/span>\n\t\t\t\t\t<\/span>\n\t\t\t\t\t<\/a>\n\t\t\t\t\t\t\t\t<\/div>\n\t\t\t\t<\/div>\n\t\t<div class=\"elementor-element elementor-element-29e5f4e e-con-full e-flex e-con e-child\" data-id=\"29e5f4e\" data-element_type=\"container\" data-e-type=\"container\">\n\t\t\t\t<div class=\"elementor-element elementor-element-fe92ff3 elementor-widget__width-initial elementor-widget elementor-widget-image\" data-id=\"fe92ff3\" data-element_type=\"widget\" data-e-type=\"widget\" data-widget_type=\"image.default\">\n\t\t\t\t\t\t\t\t\t\t\t\t\t\t\t<img fetchpriority=\"high\" decoding=\"async\" width=\"1024\" height=\"747\" src=\"https:\/\/free-baud.org\/wp-content\/uploads\/2026\/01\/Firefly_Dieses-Bild-in-Friedensblau-Name-richtig-schreiben-Jacques-Baud-etwas-blauer-in-de-780446-1024x747.png\" class=\"attachment-large size-large wp-image-244\" alt=\"\" srcset=\"https:\/\/free-baud.org\/wp-content\/uploads\/2026\/01\/Firefly_Dieses-Bild-in-Friedensblau-Name-richtig-schreiben-Jacques-Baud-etwas-blauer-in-de-780446-1024x747.png 1024w, https:\/\/free-baud.org\/wp-content\/uploads\/2026\/01\/Firefly_Dieses-Bild-in-Friedensblau-Name-richtig-schreiben-Jacques-Baud-etwas-blauer-in-de-780446-300x219.png 300w, https:\/\/free-baud.org\/wp-content\/uploads\/2026\/01\/Firefly_Dieses-Bild-in-Friedensblau-Name-richtig-schreiben-Jacques-Baud-etwas-blauer-in-de-780446-768x560.png 768w, https:\/\/free-baud.org\/wp-content\/uploads\/2026\/01\/Firefly_Dieses-Bild-in-Friedensblau-Name-richtig-schreiben-Jacques-Baud-etwas-blauer-in-de-780446.png 1184w\" sizes=\"(max-width: 1024px) 100vw, 1024px\" \/>\t\t\t\t\t\t\t\t\t\t\t\t\t\t\t<\/div>\n\t\t\t\t<\/div>\n\t\t\t\t\t<\/div>\n\t\t\t\t<\/div>\n\t\t\t\t<\/div>","protected":false},"excerpt":{"rendered":"<p>Bis hierher und nicht weiter! Wir protestieren gegen die rechtswidrigen Sanktionen gegen Oberst Jacques Baud und den Kriegskurs der EU! [&hellip;]<\/p>\n","protected":false},"author":1,"featured_media":0,"parent":0,"menu_order":0,"comment_status":"closed","ping_status":"closed","template":"","meta":{"site-sidebar-layout":"no-sidebar","site-content-layout":"","ast-site-content-layout":"full-width-container","site-content-style":"default","site-sidebar-style":"default","ast-global-header-display":"","ast-banner-title-visibility":"","ast-main-header-display":"","ast-hfb-above-header-display":"","ast-hfb-below-header-display":"","ast-hfb-mobile-header-display":"","site-post-title":"disabled","ast-breadcrumbs-content":"","ast-featured-img":"disabled","footer-sml-layout":"","ast-disable-related-posts":"","theme-transparent-header-meta":"","adv-header-id-meta":"","stick-header-meta":"","header-above-stick-meta":"","header-main-stick-meta":"","header-below-stick-meta":"","astra-migrate-meta-layouts":"default","ast-page-background-enabled":"default","ast-page-background-meta":{"desktop":{"background-color":"var(--ast-global-color-5)","background-image":"","background-repeat":"repeat","background-position":"center center","background-size":"auto","background-attachment":"scroll","background-type":"","background-media":"","overlay-type":"","overlay-color":"","overlay-opacity":"","overlay-gradient":""},"tablet":{"background-color":"","background-image":"","background-repeat":"repeat","background-position":"center center","background-size":"auto","background-attachment":"scroll","background-type":"","background-media":"","overlay-type":"","overlay-color":"","overlay-opacity":"","overlay-gradient":""},"mobile":{"background-color":"","background-image":"","background-repeat":"repeat","background-position":"center center","background-size":"auto","background-attachment":"scroll","background-type":"","background-media":"","overlay-type":"","overlay-color":"","overlay-opacity":"","overlay-gradient":""}},"ast-content-background-meta":{"desktop":{"background-color":"var(--ast-global-color-4)","background-image":"","background-repeat":"repeat","background-position":"center center","background-size":"auto","background-attachment":"scroll","background-type":"","background-media":"","overlay-type":"","overlay-color":"","overlay-opacity":"","overlay-gradient":""},"tablet":{"background-color":"var(--ast-global-color-4)","background-image":"","background-repeat":"repeat","background-position":"center center","background-size":"auto","background-attachment":"scroll","background-type":"","background-media":"","overlay-type":"","overlay-color":"","overlay-opacity":"","overlay-gradient":""},"mobile":{"background-color":"var(--ast-global-color-4)","background-image":"","background-repeat":"repeat","background-position":"center center","background-size":"auto","background-attachment":"scroll","background-type":"","background-media":"","overlay-type":"","overlay-color":"","overlay-opacity":"","overlay-gradient":""}},"footnotes":""},"class_list":["post-13","page","type-page","status-publish","hentry"],"_links":{"self":[{"href":"https:\/\/free-baud.org\/en\/wp-json\/wp\/v2\/pages\/13","targetHints":{"allow":["GET"]}}],"collection":[{"href":"https:\/\/free-baud.org\/en\/wp-json\/wp\/v2\/pages"}],"about":[{"href":"https:\/\/free-baud.org\/en\/wp-json\/wp\/v2\/types\/page"}],"author":[{"embeddable":true,"href":"https:\/\/free-baud.org\/en\/wp-json\/wp\/v2\/users\/1"}],"replies":[{"embeddable":true,"href":"https:\/\/free-baud.org\/en\/wp-json\/wp\/v2\/comments?post=13"}],"version-history":[{"count":10,"href":"https:\/\/free-baud.org\/en\/wp-json\/wp\/v2\/pages\/13\/revisions"}],"predecessor-version":[{"id":346,"href":"https:\/\/free-baud.org\/en\/wp-json\/wp\/v2\/pages\/13\/revisions\/346"}],"wp:attachment":[{"href":"https:\/\/free-baud.org\/en\/wp-json\/wp\/v2\/media?parent=13"}],"curies":[{"name":"wp","href":"https:\/\/api.w.org\/{rel}","templated":true}]}}